{"id":28,"date":"2019-06-20T13:08:37","date_gmt":"2019-06-20T12:08:37","guid":{"rendered":"http:\/\/www.florianstadler.de\/?page_id=28"},"modified":"2019-06-21T09:25:37","modified_gmt":"2019-06-21T08:25:37","slug":"datenschutz","status":"publish","type":"page","link":"http:\/\/www.florianstadler.de\/?page_id=28","title":{"rendered":"Datenschutz"},"content":{"rendered":"\n<p><strong>Allgemeine Hinweise&nbsp;<\/strong><\/p>\n\n\n\n<p>Nachfolgend m\u00f6chten wir Sie \u00fcber die Art, den Umfang und die Zwecke der Erhebung und&nbsp;Verwendung Ihrer personenbezogenen Daten auf unserer Webseite informieren. Wir behandeln&nbsp;personenbezogene Daten gem\u00e4\u00df dieser Datenschutzerkl\u00e4rung und der gesetzlichen Vorschriften&nbsp;grunds\u00e4tzlich vertraulich. Den Schutz Ihrer pers\u00f6nlichen Daten nehmen wir sehr ernst. Wenn Sie&nbsp;unsere Website benutzen, werden verschiedene personenbezogene Daten erhoben.&nbsp;<\/p>\n\n\n\n<p>Personenbezogene Daten sind Daten, mit denen Sie pers\u00f6nlich identifiziert werden k\u00f6nnen. Die&nbsp;vorliegende Datenschutzerkl\u00e4rung erl\u00e4utert, welche Daten wir erheben und wof\u00fcr wir diese nutzen.&nbsp;Sie erl\u00e4utert auch, wie und zu welchem Zweck das geschieht. Eine Daten\u00fcbertragung im Internet kann z.B. bei E-Mail-Kommunikation Sicherheitsl\u00fccken aufweisen. Wir m\u00f6chten Sie darauf hinweisen, dass ein l\u00fcckenloser Schutz der Daten vor dem Zugriff durch Dritte nicht m\u00f6glich ist.&nbsp;<\/p>\n\n\n\n<p><strong>Datenerfassung auf unserer Website&nbsp;<\/strong><\/p>\n\n\n\n<p><em><strong>Wer ist verantwortlich f\u00fcr die Datenerfassung auf dieser Website?&nbsp;<\/strong><\/em><\/p>\n\n\n\n<p><strong>Florian Stadler<\/strong><br>Birkenstrasse 6<br>94469 Deggendorf<br>E-Mail: webmaster@florianstadler.de<br>Website: www.florianstadler.de<\/p>\n\n\n\n<p><em>Hosting&nbsp;<\/em><\/p>\n\n\n\n<p>Unsere in Anspruch genommenen Hosting-Leistungen, um den Betrieb der Homepage&nbsp;sicherzustellen, umfassen folgende Leistungen: Plattformdienstleistungen, Webspace, Datenbank,&nbsp;technische Wartung.&nbsp;<\/p>\n\n\n\n<p><em><strong>Welche Daten werden erfasst und wie?&nbsp;<\/strong><\/em><\/p>\n\n\n\n<p><em>Server-Log-Dateien&nbsp;<\/em><\/p>\n\n\n\n<p>Der Provider der Seiten erhebt und speichert automatisch Informationen in so genannten Server-LogDateien, die Ihr Browser automatisch \u00fcbermittelt. Dies sind:&nbsp;<\/p>\n\n\n\n<ul><li>Browsertyp und Browserversion&nbsp;<\/li><li>verwendetes Betriebssystem&nbsp;<\/li><li>Referrer URL&nbsp;<\/li><li>Hostname des zugreifenden Rechners&nbsp;<\/li><li>Uhrzeit der Serveranfrage&nbsp;<\/li><li>IP-Adresse&nbsp;<\/li><\/ul>\n\n\n\n<p>Diese werden ben\u00f6tigt, um Angriffe, einen fehlerhaften Code oder allgemeine Fehler zu identifizieren&nbsp;und werden nach vier Wochen vom Webserver automatisch gel\u00f6scht. Eine Zusammenf\u00fchrung dieser&nbsp;Daten mit anderen Datenquellen findet nicht statt. Grundlage f\u00fcr die Datenverarbeitung ist Art. 6 Abs.&nbsp;1, b DSGVO, der die Verarbeitung von Daten zur Erf\u00fcllung eines Vertrags oder vorvertraglicher&nbsp;Ma\u00dfnahmen gestattet.&nbsp;<\/p>\n\n\n\n<p><em>Cookies&nbsp;<\/em><\/p>\n\n\n\n<p>Die Internetseiten verwenden so genannte Cookies. Cookies richten auf Ihrem Rechner keinen&nbsp;Schaden an und enthalten keine Viren. Cookies dienen dazu, unser Angebot nutzerfreundlicher,&nbsp;effektiver und sicherer zu machen. Cookies sind kleine Textdateien, die auf Ihrem Rechner abgelegt&nbsp;werden und die Ihr Browser speichert.&nbsp;Die meisten der von uns verwendeten Cookies sind so genannte \u201cSession-Cookies\u201d. Sie werden nach&nbsp;Ende Ihres Besuchs automatisch gel\u00f6scht. Andere Cookies bleiben auf Ihrem Endger\u00e4t gespeichert&nbsp;bis Sie diese l\u00f6schen. Diese Cookies erm\u00f6glichen es uns, Ihren Browser beim n\u00e4chsten Besuch&nbsp;wiederzuerkennen.&nbsp; Sie k\u00f6nnen Ihren Browser so einstellen, dass Sie \u00fcber das Setzen von Cookies informiert werden und&nbsp;Cookies nur im Einzelfall erlauben, die Annahme von Cookies f\u00fcr bestimmte F\u00e4lle oder generell&nbsp;ausschlie\u00dfen sowie das automatische L\u00f6schen der Cookies beim Schlie\u00dfen des Browsers aktivieren.&nbsp;Bei der Deaktivierung von Cookies kann die Funktionalit\u00e4t dieser Website eingeschr\u00e4nkt sein.&nbsp;Cookies, die zur Durchf\u00fchrung des elektronischen Kommunikationsvorgangs oder zur Bereitstellung&nbsp;bestimmter, von Ihnen erw\u00fcnschter Funktionen (z.B. Warenkorbfunktion) erforderlich sind, werden auf&nbsp;Grundlage von Art. 6 Abs. 1, f DSGVO gespeichert. Der Websitebetreiber hat ein berechtigtes&nbsp;Interesse an der Speicherung von Cookies zur technisch fehlerfreien und optimierten Bereitstellung&nbsp;seiner Dienste.&nbsp;<\/p>\n\n\n\n<p><em>Wof\u00fcr werden erhobene Daten genutzt?&nbsp;<\/em><\/p>\n\n\n\n<p>Ein Teil der Daten wird erhoben, um eine fehlerfreie Bereitstellung der Website zu gew\u00e4hrleisten.&nbsp;Andere Daten k\u00f6nnen zur Analyse des Nutzerverhaltens verwendet werden.&nbsp;<\/p>\n\n\n\n<p><strong>Analyse-Tools und Tools von Drittanbietern&nbsp;<\/strong><\/p>\n\n\n\n<p><em>Einbindung von Diensten und Inhalten Dritter&nbsp;<\/em><\/p>\n\n\n\n<p>Wir setzen innerhalb unseres Onlineangebotes auf Grundlage unserer berechtigten Interessen (d.h. Interesse an der Analyse, Optimierung und wirtschaftlichem Betrieb unseres Onlineangebotes im Sinne des Art. 6 Abs. 1 lit. f. DSGVO) Inhalts- oder Serviceangebote von Drittanbietern ein, um deren Inhalte und Services, wie z.B. Bilder, Videos oder Schriftarten einzubinden (nachfolgend einheitlich bezeichnet als \u201cInhalte\u201d).&nbsp;<\/p>\n\n\n\n<p>Dies setzt immer voraus, dass die Drittanbieter dieser Inhalte, die IP-Adresse der Nutzer wahrnehmen, da sie ohne die IP-Adresse die Inhalte nicht an deren Browser senden k\u00f6nnten. Die IP-Adresse ist damit f\u00fcr die Darstellung dieser Inhalte erforderlich. Wir bem\u00fchen uns nur solche Inhalte zu verwenden, deren jeweilige Anbieter die IP-Adresse lediglich zur Auslieferung der Inhalte verwenden. Drittanbieter k\u00f6nnen ferner so genannte Pixel-Tags (unsichtbare Grafiken, auch als \u201eWeb Beacons\u201c bezeichnet) f\u00fcr statistische oder Marketingzwecke verwenden. Durch die \u201ePixel-Tags\u201c k\u00f6nnen Informationen, wie der Besucherverkehr auf den Seiten dieser Website ausgewertet werden. Die pseudonymen Informationen k\u00f6nnen ferner in Cookies auf dem Ger\u00e4t der Nutzer gespeichert werden und unter anderem technische Informationen zum Browser und Betriebssystem, verweisende Webseiten, Besuchszeit sowie weitere Angaben zur Nutzung unseres Onlineangebotes enthalten, als auch mit solchen Informationen aus anderen Quellen verbunden werden k\u00f6nnen.&nbsp;<\/p>\n\n\n\n<p><em>Youtube&nbsp;<\/em><\/p>\n\n\n\n<p>Wir binden die Videos der Plattform \u201cYouTube\u201d des Anbieters Google LLC, 1600 Amphitheatre Parkway, Mountain View, CA 94043, USA, ein.<\/p>\n\n\n\n<p>Datenschutzerkl\u00e4rung:&nbsp;<a href=\"https:\/\/www.google.com\/policies\/privacy\/\">https:\/\/www.google.com\/policies\/privacy\/<\/a><\/p>\n\n\n\n<p>Opt-Out:&nbsp;<a href=\"https:\/\/adssettings.google.com\/authenticated\">https:\/\/adssettings.google.com\/authenticated<\/a>.&nbsp;<\/p>\n\n\n\n<p><em>Google Maps&nbsp;<\/em><\/p>\n\n\n\n<p>Wir binden die Landkarten des Dienstes \u201cGoogle Maps\u201d des Anbieters Google LLC, 1600 Amphitheatre Parkway, Mountain View, CA 94043, USA, ein.<\/p>\n\n\n\n<p>Datenschutzerkl\u00e4rung:&nbsp;<a href=\"https:\/\/www.google.com\/policies\/privacy\/\">https:\/\/www.google.com\/policies\/privacy\/<\/a><\/p>\n\n\n\n<p>Opt-Out:&nbsp;<a href=\"https:\/\/adssettings.google.com\/authenticated\">https:\/\/adssettings.google.com\/authenticated<\/a>.&nbsp;<\/p>\n\n\n\n<p><em>Google Web-Fonts&nbsp;<\/em><\/p>\n\n\n\n<p>Wir binden Web Fonts (Google Fonts) des Anbieters Google LLC, 1600 Amphitheatre Parkway, Mountain View, CA 94043, USA, ein.&nbsp;<\/p>\n\n\n\n<p>Datenschutzerkl\u00e4rung:&nbsp;<a href=\"https:\/\/www.google.com\/policies\/privacy\/,\">https:\/\/www.google.com\/policies\/privacy\/<\/a><\/p>\n\n\n\n<p>Opt-Out:&nbsp;<a href=\"https:\/\/adssettings.google.com\/authenticated\">https:\/\/adssettings.google.com\/authenticated<\/a>.&nbsp;<\/p>\n\n\n\n<p><em>Google Analytics&nbsp;<\/em><\/p>\n\n\n\n<p>Wir verwenden aktuell keine Dienste von \u201eGoogle Analytics\u201c&nbsp; des Anbieters Google LLC, 1600 Amphitheatre Parkway, Mountain View, CA 94043, USA.<\/p>\n\n\n\n<p><em>Verwendung von Facebook Social Plugins&nbsp;<\/em><\/p>\n\n\n\n<p>Wir setzen auf Grundlage unserer berechtigten Interessen (d.h. Interesse an der Analyse, Optimierung der Verbandst\u00e4tigkeit und des wirtschaftlichen Betriebes unseres Onlineangebotes im Sinne des Art. 6 Abs. 1 lit. f. DSGVO) Social Plugins (\u201ePlugins\u201c) des sozialen Netzwerkes facebook.com ein, welches von der Facebook Ireland Ltd., 4 Grand Canal Square, Grand Canal Harbour, Dublin 2, Irland betrieben wird (\u201eFacebook\u201c). Die Plugins k\u00f6nnen Interaktionselemente oder Inhalte (z.B. Videos, Grafiken oder Textbeitr\u00e4ge) darstellen und sind an einem der Facebook Logos erkennbar (wei\u00dfes \u201ef\u201c auf blauer Kachel, den Begriffen \u201eLike\u201c, \u201eGef\u00e4llt mir\u201c oder einem \u201eDaumen hoch\u201c-Zeichen) oder sind mit dem Zusatz \u201eFacebook Social Plugin\u201c gekennzeichnet. Die Liste und das Aussehen der Facebook Social Plugins kann hier eingesehen werden:&nbsp;<a href=\"https:\/\/developers.facebook.com\/docs\/plugins\/\">https:\/\/developers.facebook.com\/docs\/plugins\/<\/a>.&nbsp;<\/p>\n\n\n\n<p>Facebook ist unter dem Privacy-Shield-Abkommen zertifiziert und bietet hierdurch eine Garantie, das europ\u00e4ische Datenschutzrecht einzuhalten (<a href=\"https:\/\/www.privacyshield.gov\/participant?id=a2zt0000000GnywAAC&amp;status=Active\">https:\/\/www.privacyshield.gov\/participant?id=a2zt0000000GnywAAC&amp;status=Active<\/a>).&nbsp;<\/p>\n\n\n\n<p>Wenn ein Nutzer eine Funktion dieses Onlineangebotes aufruft, die ein solches Plugin enth\u00e4lt, baut sein Ger\u00e4t eine direkte Verbindung mit den Servern von Facebook auf. Der Inhalt des Plugins wird von Facebook direkt an das Ger\u00e4t des Nutzers \u00fcbermittelt und von diesem in das Onlineangebot eingebunden. Dabei k\u00f6nnen aus den verarbeiteten Daten Nutzungsprofile der Nutzer erstellt werden. Wir haben daher keinen Einfluss auf den Umfang der Daten, die Facebook mit Hilfe dieses Plugins erhebt und informiert die Nutzer daher entsprechend unserem Kenntnisstand.&nbsp;<\/p>\n\n\n\n<p>Durch die Einbindung der Plugins erh\u00e4lt Facebook die Information, dass ein Nutzer die entsprechende Seite des Onlineangebotes aufgerufen hat. Ist der Nutzer bei Facebook eingeloggt, kann Facebook den Besuch seinem Facebook-Konto zuordnen. Wenn Nutzer mit den Plugins interagieren, zum Beispiel den Like Button bet\u00e4tigen oder einen Kommentar abgeben, wird die entsprechende Information von Ihrem Ger\u00e4t direkt an Facebook \u00fcbermittelt und dort gespeichert. Falls ein Nutzer kein Mitglied von Facebook ist, besteht trotzdem die M\u00f6glichkeit, dass Facebook seine IP-Adresse in Erfahrung bringt und speichert. Laut Facebook wird in Deutschland nur eine anonymisierte IP-Adresse gespeichert.&nbsp;<\/p>\n\n\n\n<p>Zweck und Umfang der Datenerhebung und die weitere Verarbeitung und Nutzung der Daten durch Facebook sowie die diesbez\u00fcglichen Rechte und Einstellungsm\u00f6glichkeiten zum Schutz der Privatsph\u00e4re der Nutzer, k\u00f6nnen diese den Datenschutzhinweisen von Facebook entnehmen:&nbsp;<a href=\"https:\/\/www.facebook.com\/about\/privacy\/\">https:\/\/www.facebook.com\/about\/privacy\/<\/a>.&nbsp;<\/p>\n\n\n\n<p>Wenn ein Nutzer Facebookmitglied ist und nicht m\u00f6chte, dass Facebook \u00fcber dieses Onlineangebot Daten \u00fcber ihn sammelt und mit seinen bei Facebook gespeicherten Mitgliedsdaten verkn\u00fcpft, muss er sich vor der Nutzung unseres Onlineangebotes bei Facebook ausloggen und seine Cookies l\u00f6schen. Weitere Einstellungen und Widerspr\u00fcche zur Nutzung von Daten f\u00fcr Werbezwecke, sind innerhalb der Facebook-Profileinstellungen m\u00f6glich:&nbsp;<a href=\"https:\/\/www.facebook.com\/settings?tab=ads\">https:\/\/www.facebook.com\/settings?tab=ads<\/a>oder \u00fcber die US-amerikanische Seite&nbsp;<a href=\"http:\/\/www.aboutads.info\/choices\/\">http:\/\/www.aboutads.info\/choices\/<\/a>oder die EU-Seite&nbsp;<a href=\"http:\/\/www.youronlinechoices.com\/\">http:\/\/www.youronlinechoices.com\/<\/a>. Die Einstellungen erfolgen plattformunabh\u00e4ngig, d.h. sie werden f\u00fcr alle Ger\u00e4te, wie Desktopcomputer oder mobile Ger\u00e4te \u00fcbernommen.&nbsp;<\/p>\n\n\n\n<p><em>Instagram&nbsp;<\/em><\/p>\n\n\n\n<p>Innerhalb unseres Onlineangebotes k\u00f6nnen Funktionen und Inhalte des Dienstes Instagram eingebunden sein, angeboten durch die Instagram Inc., 1601 Willow Road, Menlo Park, CA, 94025, USA. Hierzu k\u00f6nnen z.B. Inhalte wie Bilder, Videos oder Texte und Schaltfl\u00e4chen geh\u00f6ren, mit denen Nutzer ihr Gefallen betreffend die Inhalte kundtun, den Verfassern der Inhalte oder unsere Beitr\u00e4ge abonnieren k\u00f6nnen. Sofern die Nutzer Mitglieder der Plattform Instagram sind, kann Instagram den Aufruf der o.g. Inhalte und Funktionen den dortigen Profilen der Nutzer zuordnen. Datenschutzerkl\u00e4rung von Instagram:&nbsp;<a href=\"http:\/\/instagram.com\/about\/legal\/privacy\/\">http:\/\/instagram.com\/about\/legal\/privacy\/<\/a>.&nbsp;<\/p>\n\n\n\n<p><strong>Welche Rechte haben Sie bez\u00fcglich Ihrer Daten?&nbsp;<\/strong><\/p>\n\n\n\n<p><em>Auskunft, Sperrung, L\u00f6schung<\/em><\/p>\n\n\n\n<p>Sie haben jederzeit das Recht unentgeltlich Auskunft \u00fcber Herkunft, Empf\u00e4nger und Zweck Ihrer gespeicherten personenbezogenen Daten zu erhalten. Sie haben au\u00dferdem das Recht, die Berichtigung, Sperrung oder L\u00f6schung Ihrer Daten zu verlangen. Des Weiteren steht Ihnen ein Beschwerderecht bei der zust\u00e4ndigen Aufsichtsbeh\u00f6rde zu.&nbsp;<\/p>\n\n\n\n<p><em>Widerruf Ihrer Einwilligung zur Datenverarbeitung<\/em><\/p>\n\n\n\n<p>Viele Datenverarbeitungsvorg\u00e4nge sind nur mit Ihrer ausdr\u00fccklichen Einwilligung m\u00f6glich. Sie k\u00f6nnen eine bereits erteilte Einwilligung jederzeit widerrufen. Dazu reicht eine formlose Mitteilung per E-Mail an uns. Die Rechtm\u00e4\u00dfigkeit der bis zum Widerruf erfolgten Datenverarbeitung bleibt vom Widerruf unber\u00fchrt.&nbsp;<\/p>\n\n\n\n<p><em>Ver\u00f6ffentlichung von Daten und Fotos auf der Homepage<\/em><\/p>\n\n\n\n<p>In unseren online-Medien wird von Wettbewerben in Ton, Bild, Video und Text berichtet. Au\u00dferdem werden Ergebnislisten dieser Wettbewerbe ver\u00f6ffentlicht. Eine entsprechende Ergebnisliste ist zwingender Bestandteil des sportlichen Wettkampfes, denn dem sportlichen Wettbewerb ist es immanent, dass man sich mit seinem sportlichen Kontrahenten misst und vergleicht und am Ende feststellt, wer der bessere ist. Diese Feststellung geschieht durch die Ver\u00f6ffentlichung der Ergebnisliste. Damit hat diese aber auch eine Bedeutung f\u00fcr die Zukunft, denn auch zuk\u00fcnftig ist es aus sportlicher Sicht interessant zu wissen, wie der einzelne Teilnehmer bei dem Wettbewerben abgeschnitten hat. Mit der Teilnahme an einem Wettbewerb erkl\u00e4rt sich der Teilnehmer bereit, dass diese Daten, Bilder, Videos erfasst und ver\u00f6ffentlicht werden. Eine sp\u00e4tere L\u00f6schung dieser oder Streichung insbesondere aus den Ergebnislisten erfolgt daher nicht; auch nicht bei Austritt des Teilnehmers aus dem Verein. Sportlerinnen und Sportler, die eine Ver\u00f6ffentlichung ihrer Daten in Ergebnislisten sowie Berichterstattung von Wettbewerben mit ihrer Namensnennung oder Ver\u00f6ffentlichung ihrer Person in Ton, Bild oder Film auf dem Siegertreppchen oder Wettkampf nicht w\u00fcnschen, d\u00fcrfen daher nicht an dem Wettbewerb teilnehmen.&nbsp;<\/p>\n\n\n\n<p><em>Beschwerderecht bei der zust\u00e4ndigen Aufsichtsbeh\u00f6rde<\/em><\/p>\n\n\n\n<p>Im Falle datenschutzrechtlicher Verst\u00f6\u00dfe steht dem Betroffenen ein Beschwerderecht bei der zust\u00e4ndigen Aufsichtsbeh\u00f6rde zu. Die Beschwerde kann \u00fcber den Link&nbsp;<a href=\"https:\/\/www.lda.bayern.de\/de\/beschwerde.html\">https:\/\/www.lda.bayern.de\/de\/beschwerde.html<\/a>&nbsp;an die zust\u00e4ndigen Landesdatenschutzbeauftragten der Aufsichtsbeh\u00f6rde in Bayern erfolgen.&nbsp;<\/p>\n\n\n\n<p><em>Recht auf Daten\u00fcbertragbarkeit<\/em><\/p>\n\n\n\n<p>Sie haben das Recht, Daten, die wir auf Grundlage Ihrer Einwilligung oder in Erf\u00fcllung eines Vertrags automatisiert verarbeiten, an sich oder an einen Dritten in einem g\u00e4ngigen, maschinenlesbaren Format aush\u00e4ndigen zu lassen. Sofern Sie die direkte \u00dcbertragung der Daten an einen anderen Verantwortlichen verlangen, erfolgt dies nur, soweit es technisch machbar ist.&nbsp;<\/p>\n\n\n\n<p><em>SSL- bzw. TLS-Verschl\u00fcsselung<\/em><\/p>\n\n\n\n<p>Diese Seite nutzt aus Sicherheitsgr\u00fcnden und zum Schutz der \u00dcbertragung vertraulicher Inhalte, wie zum Beispiel Bestellungen oder Anfragen, die Sie an uns als Seitenbetreiber senden, eine SSL-bzw. TLS-Verschl\u00fcsselung. Eine verschl\u00fcsselte Verbindung erkennen Sie daran, dass die Adresszeile des Browsers von \u201chttp:\/\/\u201d auf \u201chttps:\/\/\u201d wechselt und an dem Schloss-Symbol in Ihrer Browserzeile. Wenn die SSL- bzw. TLS-Verschl\u00fcsselung aktiviert ist, k\u00f6nnen die Daten, die Sie an uns \u00fcbermitteln, nicht von Dritten mitgelesen werden.&nbsp;<\/p>\n","protected":false},"excerpt":{"rendered":"<p>Allgemeine Hinweise&nbsp; Nachfolgend m\u00f6chten wir Sie \u00fcber die Art, den Umfang und die Zwecke der Erhebung und&nbsp;Verwendung Ihrer personenbezogenen Daten auf unserer Webseite informieren. Wir behandeln&nbsp;personenbezogene Daten gem\u00e4\u00df dieser Datenschutzerkl\u00e4rung und der gesetzlichen Vorschriften&nbsp;grunds\u00e4tzlich vertraulich. Den Schutz Ihrer pers\u00f6nlichen Daten &hellip; <a href=\"http:\/\/www.florianstadler.de\/?page_id=28\">Weiter<\/a><\/p>\n","protected":false},"author":1,"featured_media":0,"parent":0,"menu_order":0,"comment_status":"closed","ping_status":"closed","template":"","meta":{"ngg_post_thumbnail":0},"_links":{"self":[{"href":"http:\/\/www.florianstadler.de\/index.php?rest_route=\/wp\/v2\/pages\/28"}],"collection":[{"href":"http:\/\/www.florianstadler.de\/index.php?rest_route=\/wp\/v2\/pages"}],"about":[{"href":"http:\/\/www.florianstadler.de\/index.php?rest_route=\/wp\/v2\/types\/page"}],"author":[{"embeddable":true,"href":"http:\/\/www.florianstadler.de\/index.php?rest_route=\/wp\/v2\/users\/1"}],"replies":[{"embeddable":true,"href":"http:\/\/www.florianstadler.de\/index.php?rest_route=%2Fwp%2Fv2%2Fcomments&post=28"}],"version-history":[{"count":2,"href":"http:\/\/www.florianstadler.de\/index.php?rest_route=\/wp\/v2\/pages\/28\/revisions"}],"predecessor-version":[{"id":71,"href":"http:\/\/www.florianstadler.de\/index.php?rest_route=\/wp\/v2\/pages\/28\/revisions\/71"}],"wp:attachment":[{"href":"http:\/\/www.florianstadler.de\/index.php?rest_route=%2Fwp%2Fv2%2Fmedia&parent=28"}],"curies":[{"name":"wp","href":"https:\/\/api.w.org\/{rel}","templated":true}]}}